{"id":336,"date":"2020-07-02T15:37:27","date_gmt":"2020-07-02T15:37:27","guid":{"rendered":"http:\/\/www.matiasgomatomas.com\/?page_id=336"},"modified":"2024-01-29T09:03:18","modified_gmt":"2024-01-29T09:03:18","slug":"politica-de-privacitat","status":"publish","type":"page","link":"https:\/\/www.matiasgomatomas.com\/ca\/politica-de-privacitat\/","title":{"rendered":"Pol\u00edtica de privacitat"},"content":{"rendered":"<section class=\"wpb-content-wrapper\"><p>[vc_row css_animation=&#8221;&#8221; row_type=&#8221;row&#8221; use_row_as_full_screen_section=&#8221;no&#8221; type=&#8221;grid&#8221; angled_section=&#8221;no&#8221; text_align=&#8221;left&#8221; background_image_as_pattern=&#8221;without_pattern&#8221; el_class=&#8221;paddingcabecera&#8221; z_index=&#8221;&#8221; css=&#8221;.vc_custom_1592302116044{background-image: url(http:\/\/www.matiasgomatomas.com\/wp-content\/uploads\/2020\/06\/matias-goma-tomas-about.jpg?id=166) !important;}&#8221;][vc_column css_animation=&#8221;fadeIn&#8221;][vc_column_text]<\/p>\n<h1>POL\u00cdTICA DE PRIVACITAT<\/h1>\n<p>[\/vc_column_text][vc_single_image image=&#8221;119&#8243; img_size=&#8221;full&#8221; qode_css_animation=&#8221;&#8221; el_class=&#8221;trivalpapel&#8221;][\/vc_column][\/vc_row][vc_row css_animation=&#8221;&#8221; row_type=&#8221;row&#8221; use_row_as_full_screen_section=&#8221;no&#8221; type=&#8221;grid&#8221; angled_section=&#8221;no&#8221; text_align=&#8221;left&#8221; background_image_as_pattern=&#8221;without_pattern&#8221; el_class=&#8221;paddingsecciones&#8221; z_index=&#8221;&#8221;][vc_column][vc_column_text]A Mat\u00edas Gom\u00e1 Tom\u00e1s S.A. ens comprometem a assegurar que la teva informaci\u00f3 personal es trobi protegida i no s&#8217;utilitzi de forma indeguda. Al facilitar-nos la teva informaci\u00f3 personal i utilitzar el nostre lloc web, entenem que has llegit i compr\u00e8s els termes relacionats amb la informaci\u00f3 de protecci\u00f3 de dades de car\u00e0cter personal que s&#8217;exposen a continuaci\u00f3.<\/p>\n<p>&nbsp;<\/p>\n<p>&nbsp;<\/p>\n<p><strong>Qui \u00e9s el responsable del tractament de les seves dades?<\/strong><\/p>\n<p>Mat\u00edas Gom\u00e1 Tom\u00e1s S.A. CIF: A-43004811<\/p>\n<p>Domicili: Carrer Afores S\/N &#8211; 43450 La Riba (Tarragona)<\/p>\n<p>Tel\u00e8fon: 977.876.040<\/p>\n<p>Correu electr\u00f2nic: dpo@clgrupoindustrial.com<\/p>\n<p>Pots comunicar-te amb nosaltres a trav\u00e9s dels dos canals.<\/p>\n<p>&nbsp;<\/p>\n<p>&nbsp;<\/p>\n<p><strong>Amb quina finalitat demanem la teva informaci\u00f3 personal?<\/strong><\/p>\n<p><strong>\u00a0<\/strong><\/p>\n<p><strong>&#8211; Clients:<\/strong> Tractarem les teves dades personals amb les finalitats seg\u00fcents: manteniment de la relaci\u00f3 contractual i pre-contractual. Informaci\u00f3 comercial o de mitjans electr\u00f2nics.<\/p>\n<p>&nbsp;<\/p>\n<p>&nbsp;<\/p>\n<p><strong>&#8211; Prove\u00efdors:<\/strong> Tractarem les teves dades personals amb la finalitat de mantenir les relacions comercials.<\/p>\n<p>&nbsp;<\/p>\n<p>&nbsp;<\/p>\n<p><strong>&#8211; Contactes del web o del correu electr\u00f2nic:<\/strong> Tractarem les teves dades personals amb les finalitats seg\u00fcents: contestar a les teves consultes, sol\u00b7licituds o peticions; millorar la nostra estrat\u00e8gia comercial i la teva navegaci\u00f3 per la nostra p\u00e0gina web.<\/p>\n<p>Tot aix\u00f2 d&#8217;acord amb les seves pol\u00edtiques de privacitat:<\/p>\n<p>&nbsp;<\/p>\n<p>Facebook \u00a0\u00a0\u00a0\u00a0 <a href=\"http:\/\/www.facebook.com\/policy.php?ref=pf\">http:\/\/www.facebook.com\/policy.php?ref=pf<\/a><\/p>\n<p>Instagram\u00a0\u00a0\u00a0\u00a0 <a href=\"https:\/\/help.instagram.com\/155833707900388\">https:\/\/help.instagram.com\/155833707900388<\/a><\/p>\n<p>Twitter\u00a0\u00a0\u00a0 \u00a0\u00a0\u00a0\u00a0\u00a0\u00a0 <a href=\"http:\/\/twitter.com\/privacy\">http:\/\/twitter.com\/privacy<\/a><\/p>\n<p>Linkedin\u00a0\u00a0\u00a0\u00a0\u00a0\u00a0\u00a0 <a href=\"http:\/\/www.linkedin.com\/legal\/privacy-policy?trk=hb_ft_priv\">http:\/\/www.linkedin.com\/legal\/privacy-policy?trk=hb_ft_priv<\/a><\/p>\n<p>Google \u00a0\u00a0\u00a0\u00a0\u00a0\u00a0\u00a0\u00a0\u00a0 <a href=\"http:\/\/www.google.com\/intl\/es\/policies\/privacy\/\">http:\/\/www.google.com\/intl\/es\/policies\/privacy\/<\/a> (No en tenim)<\/p>\n<p>Youtube\u00a0\u00a0\u00a0\u00a0\u00a0\u00a0\u00a0 <a href=\"https:\/\/www.youtube.com\/account_privacy\">https:\/\/www.youtube.com\/account_privacy<\/a><\/p>\n<p>&nbsp;<\/p>\n<p>&nbsp;<\/p>\n<p><strong>&#8211; Videovigil\u00e0ncia:<\/strong> S&#8217;informa que les nostres instal\u00b7lacions estan equipades amb sistemes de c\u00e0meres de vigil\u00e0ncia. Els sistemes de c\u00e0meres de vigil\u00e0ncia s&#8217;instal\u00b7len per tal de controlar l&#8217;entrada i sortida a les instal\u00b7lacions, aix\u00ed com amb finalitats de seguretat.<\/p>\n<p>&nbsp;<\/p>\n<p>&nbsp;<\/p>\n<p><strong>&#8211; Demandants d&#8217;ocupaci\u00f3:<\/strong> Tractarem les teves dades personals amb les finalitats seg\u00fcents: organitzaci\u00f3 de processos de selecci\u00f3 per a la contractaci\u00f3 de treballadors; citar-te per a entrevistes de treball i avaluar la teva candidatura. Si ens has donat el teu consentiment, podrem mantenir el teu CV per fer-te part\u00edcip en nous processos de selecci\u00f3.<\/p>\n<p>&nbsp;<\/p>\n<p>&nbsp;<\/p>\n<p><strong>Quina \u00e9s la legitimaci\u00f3 per al tractament de les teves dades?<\/strong><\/p>\n<p><strong>\u00a0<\/strong><\/p>\n<p><strong>&#8211; Clients:<\/strong> La base legal per al tractament de les seves dades \u00e9s l&#8217;execuci\u00f3 d&#8217;un contracte i el manteniment de la relaci\u00f3 contractual. L&#8217;oferta de productes i serveis a trav\u00e9s de mitjans electr\u00f2nics est\u00e0 basada en el consentiment que se li sol\u00b7licita, sense que en cap cas la retirada d&#8217;aquest consentiment condicioni l&#8217;execuci\u00f3 del contracte.<\/p>\n<p>&nbsp;<\/p>\n<p>&nbsp;<\/p>\n<p><strong>&#8211; Prove\u00efdors:<\/strong> La base legal per al tractament de les seves dades \u00e9s l&#8217;execuci\u00f3 d&#8217;un contracte i manteniment de la relaci\u00f3 contractual.<\/p>\n<p>&nbsp;<\/p>\n<p>&nbsp;<\/p>\n<p><strong>&#8211; Contactes del web o del correu electr\u00f2nic:<\/strong> La base legal per al tractament de les seves dades \u00e9s el consentiment de l&#8217;interessat i inter\u00e8s leg\u00edtim del responsable.<\/p>\n<p>&nbsp;<\/p>\n<p>&nbsp;<\/p>\n<p><strong>&#8211; Contactes xarxes socials:<\/strong> La base legal per al tractament de les seves dades \u00e9s l&#8217;acceptaci\u00f3 d&#8217;una relaci\u00f3 contractual en l&#8217;entorn de la xarxa social que correspongui, i d&#8217;acord amb les seves pol\u00edtiques de privacitat.<\/p>\n<p>&nbsp;<\/p>\n<p><strong>&#8211; Videovigil\u00e0ncia:<\/strong> La base legal per al tractament de les seves dades \u00e9s l&#8217;inter\u00e8s leg\u00edtim del responsable.<\/p>\n<p>&nbsp;<\/p>\n<p>&nbsp;<\/p>\n<p><strong>&#8211; Demandants d&#8217;ocupaci\u00f3:<\/strong> La base legal per al tractament de les teves dades \u00e9s el teu consentiment inequ\u00edvoc al lliurar-nos el teu CV.<\/p>\n<p>&nbsp;<\/p>\n<p>&nbsp;<\/p>\n<p><strong>A quins destinataris es comunicaran les vostres dades?<\/strong><\/p>\n<p>&nbsp;<\/p>\n<p>Les teves dades no es cediran a tercers, excepte obligaci\u00f3 legal.<\/p>\n<p>En el cas d&#8217;enviament del teu CV, autoritzes a Mat\u00edas Gom\u00e1 Tom\u00e1s S.A. a que emmagatzemi les dades per a processos de selecci\u00f3 futurs.<\/p>\n<p>Qualsevol transfer\u00e8ncia internacional de dades a l&#8217;utilitzar aplicacions americanes estar\u00e0 adherida al conveni Privacy Shield, que garanteix que les empreses de programari americ\u00e0 compleixen les pol\u00edtiques de protecci\u00f3 de dades europees en mat\u00e8ria de privacitat.<\/p>\n<p>&nbsp;<\/p>\n<p>&nbsp;<\/p>\n<p><strong>Tractem dades de menors d&#8217;edat?<\/strong><\/p>\n<p>&nbsp;<\/p>\n<p>No tractem dades de menors de 18 anys, per tant, abst\u00e9n-te de facilitar les teves dades si no ets major d&#8217;edat.<\/p>\n<p>&nbsp;<\/p>\n<p>&nbsp;<\/p>\n<p><strong>Quines mesures de seguretat apliquem?<\/strong><\/p>\n<p>&nbsp;<\/p>\n<p>Pots estar tranquil; hem adoptat un nivell \u00f2ptim de protecci\u00f3 de les dades personals que fem servir, i hem instal\u00b7lat tots els mitjans i mesures t\u00e8cniques al nostre abast segons l&#8217;estat de la tecnologia per evitar la p\u00e8rdua, mal \u00fas, alteraci\u00f3, acc\u00e9s no autoritzat i robatori de les dades personals.<\/p>\n<p>&nbsp;<\/p>\n<p>&nbsp;<\/p>\n<p><strong>Quins s\u00f3n els teus drets en relaci\u00f3 amb el tractament de dades?<\/strong><\/p>\n<p>&nbsp;<\/p>\n<table width=\"651\">\n<tbody>\n<tr>\n<td width=\"213\"><strong>Dret<\/strong><\/td>\n<td width=\"438\"><strong>Contingut<\/strong><\/td>\n<\/tr>\n<tr>\n<td width=\"213\">ACC\u00c9S<\/td>\n<td width=\"438\">&nbsp;<\/p>\n<p>Podr\u00e0s consultar les teves dades personals incloses en els nostres fitxers.<\/p>\n<p>&nbsp;<\/td>\n<\/tr>\n<tr>\n<td width=\"213\">RECTIFICACI\u00d3<\/td>\n<td width=\"438\">&nbsp;<\/p>\n<p>Podr\u00e0s modificar les teves dades personals quan siguin inexactes.<\/p>\n<p>&nbsp;<\/td>\n<\/tr>\n<tr>\n<td width=\"213\">SUPRESSI\u00d3<\/td>\n<td width=\"438\">&nbsp;<\/p>\n<p>Podr\u00e0s sol\u00b7licitar la eliminaci\u00f3 de les teves dades personals.<\/p>\n<p>&nbsp;<\/td>\n<\/tr>\n<tr>\n<td width=\"213\">OPOSICI\u00d3<\/td>\n<td width=\"438\">&nbsp;<\/p>\n<p>Podr\u00e0s sol\u00b7licitar que no es tractin les teves dades personals.<\/p>\n<p>&nbsp;<\/td>\n<\/tr>\n<tr>\n<td width=\"213\">LIMITACI\u00d3 DEL TRACTAMENT<\/td>\n<td width=\"438\">&nbsp;<\/p>\n<p>Podr\u00e0s sol\u00b7licitar la limitaci\u00f3 del tractament de les teves dades en els seg\u00fcents casos:<\/p>\n<p>&#8211; Mentre es comprova la impugnaci\u00f3 de l&#8217;exactitud de les teves dades.<\/p>\n<p>&#8211; Quan el tractament sigui il\u00b7l\u00edcit, per\u00f2 t&#8217;oposis a la supressi\u00f3 les teves dades.<\/p>\n<p>&#8211; Quan el responsable no necessiti tractar les teves dades per\u00f2 tu les necessitis per a l&#8217;exercici o la defensa de reclamacions.<\/p>\n<p>&#8211; Quan t&#8217;hagis oposat al tractament de les teves dades per al compliment d&#8217;una missi\u00f3 d&#8217;inter\u00e8s p\u00fablic o per a la satisfacci\u00f3 d&#8217;un inter\u00e8s leg\u00edtim, mentre es verifica si els motius leg\u00edtims per al tractament prevalen sobre els teus.<\/p>\n<p>&nbsp;<\/td>\n<\/tr>\n<tr>\n<td width=\"213\">PORTABILITAT<\/td>\n<td width=\"438\">&nbsp;<\/p>\n<p>Podr\u00e0s rebre, en format electr\u00f2nic, les dades personals que ens hagis facilitat, aix\u00ed com transmetre-les a una altra entitat.<\/p>\n<p>&nbsp;<\/td>\n<\/tr>\n<\/tbody>\n<\/table>\n<p>&nbsp;<\/p>\n<p>&nbsp;<\/p>\n<p>Mat\u00edas Gom\u00e1 Tom\u00e1s S.A. disposa de formularis per a l&#8217;exercici de drets que poden ser sol\u00b7licitats a l&#8217;adre\u00e7a electr\u00f2nica: dpo@clgrupoindustrial.com o utilitzar els elaborats per l&#8217;Ag\u00e8ncia Espanyola de Protecci\u00f3 de Dades o tercers. Aquests formularis hauran d&#8217;anar signats electr\u00f2nicament o ser acompanyats d&#8217;una fotoc\u00f2pia del DNI. Si s&#8217;actua per mitj\u00e0 d&#8217;un representant, de la mateixa manera haur\u00e0 d&#8217;anar acompanyat de c\u00f2pia del seu DNI o amb signatura electr\u00f2nica.<\/p>\n<p>Els formularis s&#8217;han de presentar presencialment a Mat\u00edas Gom\u00e1 Tom\u00e1s S.A. o remesos per correu postal o electr\u00f2nic a les adreces que apareixen a l&#8217;apartat &#8220;Responsable&#8221;.<\/p>\n<p>Tens dret a presentar una reclamaci\u00f3 davant l&#8217;Ag\u00e8ncia Espanyola de Protecci\u00f3 de Dades en el sup\u00f2sit que consideris que no s&#8217;ha at\u00e8s convenientment l&#8217;exercici dels teus drets. El termini m\u00e0xim per resoldre \u00e9s el d&#8217;un mes, a comptar de la recepci\u00f3 de la teva sol\u00b7licitud.<\/p>\n<p>En el cas de produir-se alguna modificaci\u00f3 de les teves dades, t&#8217;agra\u00efm que ens ho comuniquis degudament per escrit amb la finalitat de mantenir les teves dades actualitzades.<\/p>\n<p>&nbsp;<\/p>\n<p>&nbsp;<\/p>\n<p><strong>Durant quant de temps anem a mantenir les teves dades personals?<\/strong><\/p>\n<p>Les dades personals seran mantingudes mentre segueixis vinculat amb nosaltres.<\/p>\n<p>Un cop et desvinculis, les dades personals tractades en cada finalitat es mantindran durant els terminis legalment previstos, incl\u00f2s el termini en qu\u00e8 un jutge o tribunal els pugui requerir atenent el termini de prescripci\u00f3 d&#8217;accions judicials.[\/vc_column_text][\/vc_column][\/vc_row][vc_row css_animation=&#8221;&#8221; row_type=&#8221;row&#8221; use_row_as_full_screen_section=&#8221;no&#8221; type=&#8221;grid&#8221; angled_section=&#8221;no&#8221; text_align=&#8221;left&#8221; background_image_as_pattern=&#8221;without_pattern&#8221; el_class=&#8221;paddingseccionescolor bordertop&#8221; z_index=&#8221;&#8221; el_id=&#8221;BloqueDescargas&#8221;][vc_column][vc_column_text el_class=&#8221;center&#8221;]<\/p>\n<h2 class=\"titulos\">DESC\u00c0RREGUES<\/h2>\n<p>Volem compartir amb tu les nostres fitxes de producte, certificacions i altres documents d&#8217;inter\u00e8s.<\/p>\n<div class=\"espacio30\"><\/div>\n<p>[\/vc_column_text][vc_row_inner row_type=&#8221;row&#8221; type=&#8221;full_width&#8221; text_align=&#8221;left&#8221; css_animation=&#8221;&#8221;][vc_column_inner width=&#8221;1\/3&#8243;][vc_column_text]<\/p>\n<h4 class=\"titulofichas\">FITXES DE PRODUCTES<\/h4>\n<p>[\/vc_column_text][vc_empty_space height=&#8221;20px&#8221;][vc_column_text]<\/p>\n<div class=\"iconosdescargas\"><img decoding=\"async\" class=\"iconpdf\" src=\"http:\/\/www.matiasgomatomas.com\/wp-content\/uploads\/2020\/06\/iconopdf.png\" \/><a href=\"https:\/\/www.matiasgomatomas.com\/wp-content\/uploads\/2024\/01\/BICOLOR_MGT2024100-180.pdf\" target=\"_blank\" rel=\"noopener noreferrer\"><span class=\"titulodescargas\">BICOLOR (TL4)<\/span><\/a><\/div>\n<p>[\/vc_column_text][vc_column_text]<\/p>\n<div class=\"iconosdescargas\"><img decoding=\"async\" class=\"iconpdf\" src=\"http:\/\/www.matiasgomatomas.com\/wp-content\/uploads\/2020\/06\/iconopdf.png\" \/><a href=\"https:\/\/www.matiasgomatomas.com\/wp-content\/uploads\/2024\/01\/TESTLINER_MGT2024100-170.pdf\" target=\"_blank\" rel=\"noopener noreferrer\"><span class=\"titulodescargas\">TESTLINER (TL3)<\/span><\/a><\/div>\n<p>[\/vc_column_text][vc_column_text]<\/p>\n<div class=\"iconosdescargas\"><img decoding=\"async\" class=\"iconpdf\" src=\"http:\/\/www.matiasgomatomas.com\/wp-content\/uploads\/2020\/06\/iconopdf.png\" \/><a href=\"https:\/\/www.matiasgomatomas.com\/wp-content\/uploads\/2024\/01\/FLUTING-HP_MGT2024110-170.pdf\" target=\"_blank\" rel=\"noopener noreferrer\"><span class=\"titulodescargas\">FLUTING HP<\/span><\/a><\/div>\n<p>[\/vc_column_text][vc_column_text]<\/p>\n<div class=\"iconosdescargas\"><img decoding=\"async\" class=\"iconpdf\" src=\"http:\/\/www.matiasgomatomas.com\/wp-content\/uploads\/2020\/06\/iconopdf.png\" \/><a href=\"https:\/\/www.matiasgomatomas.com\/wp-content\/uploads\/2024\/01\/DUAL_MGT2024110-200.pdf\" target=\"_blank\" rel=\"noopener noreferrer\"><span class=\"titulodescargas\">DUAL USE (TL2)<\/span><\/a><\/div>\n<p>[\/vc_column_text][\/vc_column_inner][vc_column_inner width=&#8221;1\/3&#8243;][vc_column_text]<\/p>\n<h4 class=\"titulofichas\">CERTIFICACIONS<\/h4>\n<p>[\/vc_column_text][vc_empty_space height=&#8221;20px&#8221;][vc_column_text]<\/p>\n<div class=\"iconosdescargas\"><img decoding=\"async\" class=\"iconpdf\" src=\"http:\/\/www.matiasgomatomas.com\/wp-content\/uploads\/2020\/06\/iconopdf.png\" \/><span class=\"titulodescargas\"><a href=\"https:\/\/www.matiasgomatomas.com\/wp-content\/uploads\/2022\/09\/CertificadoER-0245-2019_ES_2021-09-16.pdf\" target=\"_blank\" rel=\"noopener noreferrer\">CERTIFICAT<br \/>\nISO 9001<\/a><\/span><\/div>\n<p>[\/vc_column_text][vc_column_text]<\/p>\n<div class=\"iconosdescargas\"><img decoding=\"async\" class=\"iconpdf\" src=\"http:\/\/www.matiasgomatomas.com\/wp-content\/uploads\/2020\/06\/iconopdf.png\" \/><span class=\"titulodescargas\"><a href=\"https:\/\/www.matiasgomatomas.com\/wp-content\/uploads\/2022\/09\/IQNetES-0245-2019_2021-09-16.pdf\" target=\"_blank\" rel=\"noopener noreferrer\">CERTIFICAT<br \/>\nIQNet<\/a><\/span><\/div>\n<p>[\/vc_column_text][vc_column_text]<\/p>\n<div class=\"iconosdescargas\"><img decoding=\"async\" class=\"iconpdf\" src=\"http:\/\/www.matiasgomatomas.com\/wp-content\/uploads\/2020\/06\/iconopdf.png\" \/><span class=\"titulodescargas\"><a href=\"https:\/\/www.matiasgomatomas.com\/wp-content\/uploads\/2021\/05\/certificat-FSC.pdf\" target=\"_blank\" rel=\"noopener noreferrer\">CERTIFICAT<br \/>\nFSC\u00ae-C134173<\/a><\/span><\/div>\n<p>[\/vc_column_text][vc_column_text]<\/p>\n<div class=\"iconosdescargas\"><img decoding=\"async\" class=\"iconpdf\" src=\"http:\/\/www.matiasgomatomas.com\/wp-content\/uploads\/2020\/06\/iconopdf.png\" \/><span class=\"titulodescargas\"><a href=\"https:\/\/www.matiasgomatomas.com\/wp-content\/uploads\/2021\/05\/certificat-pefc.pdf\" target=\"_blank\" rel=\"noopener noreferrer\">CERTIFICAT<br \/>\nPEFC<\/a><\/span><\/div>\n<p>[\/vc_column_text][vc_column_text]<\/p>\n<div class=\"iconosdescargas\"><img decoding=\"async\" class=\"iconpdf\" src=\"http:\/\/www.matiasgomatomas.com\/wp-content\/uploads\/2020\/06\/iconopdf.png\" \/><span class=\"titulodescargas\"><a href=\"https:\/\/www.matiasgomatomas.com\/wp-content\/uploads\/2021\/06\/certificat-iso-14001-esp.pdf\" target=\"_blank\" rel=\"noopener noreferrer\">CERTIFICAT<br \/>\nISO 14001<\/a><\/span><\/div>\n<p>[\/vc_column_text][vc_column_text]<\/p>\n<div class=\"iconosdescargas\"><img decoding=\"async\" class=\"iconpdf\" src=\"http:\/\/www.matiasgomatomas.com\/wp-content\/uploads\/2020\/06\/iconopdf.png\" \/><span class=\"titulodescargas\"><a href=\"https:\/\/www.matiasgomatomas.com\/wp-content\/uploads\/2021\/06\/certificat-iso-14001-esp.pdf\" target=\"_blank\" rel=\"noopener noreferrer\">CERTIFICAT<br \/>\nISO 50001<\/a><\/span><\/div>\n<p>[\/vc_column_text][\/vc_column_inner][vc_column_inner width=&#8221;1\/3&#8243;][vc_column_text]<\/p>\n<h4 class=\"titulofichas\">POL\u00cdTICA INTEGRADA<\/h4>\n<p>[\/vc_column_text][vc_empty_space height=&#8221;20px&#8221;][vc_column_text]<\/p>\n<div class=\"iconosdescargas\"><img decoding=\"async\" class=\"iconpdf\" src=\"http:\/\/www.matiasgomatomas.com\/wp-content\/uploads\/2020\/06\/iconopdf.png\" \/><span class=\"titulodescargas\"><a href=\"https:\/\/www.matiasgomatomas.com\/wp-content\/uploads\/2023\/10\/Politica-integrada-CAT.pdf\" target=\"_blank\" rel=\"noopener noreferrer\">POL\u00cdTICA INTEGRADA<\/a><\/span><\/div>\n<p>[\/vc_column_text][vc_empty_space height=&#8221;20px&#8221;][vc_column_text]<\/p>\n<h4 class=\"titulofichas\">AJUTS I SUBVENCIONS<\/h4>\n<p>[\/vc_column_text][vc_empty_space height=&#8221;20px&#8221;][vc_column_text]<\/p>\n<div class=\"iconosdescargas\"><img decoding=\"async\" class=\"iconpdf\" src=\"http:\/\/www.matiasgomatomas.com\/wp-content\/uploads\/2020\/06\/iconopdf.png\" \/><span class=\"titulodescargas\"><a href=\"https:\/\/www.matiasgomatomas.com\/wp-content\/uploads\/2021\/11\/FNEE-ICAEN_14_MGT.pdf\" target=\"_blank\" rel=\"noopener noreferrer\">EXPEDIENT ICA012\/19\/00014<\/a><\/span><\/div>\n<p>[\/vc_column_text][vc_column_text]<\/p>\n<div class=\"iconosdescargas\"><img decoding=\"async\" class=\"iconpdf\" src=\"http:\/\/www.matiasgomatomas.com\/wp-content\/uploads\/2020\/06\/iconopdf.png\" \/><span class=\"titulodescargas\"><a href=\"https:\/\/www.matiasgomatomas.com\/wp-content\/uploads\/2022\/05\/Exp-FN-PGESI-2018-002837.pdf\" target=\"_blank\" rel=\"noopener noreferrer\">EXPEDIENT: FN-PGESI-2018-002837<\/a><\/span><\/div>\n<p>[\/vc_column_text][vc_column_text]<\/p>\n<div class=\"iconosdescargas\"><img decoding=\"async\" class=\"iconpdf\" src=\"http:\/\/www.matiasgomatomas.com\/wp-content\/uploads\/2020\/06\/iconopdf.png\" \/><span class=\"titulodescargas\"><a href=\"https:\/\/www.matiasgomatomas.com\/wp-content\/uploads\/2023\/11\/FEDER-ICA022_21_000104.pdf\" target=\"_blank\" rel=\"noopener noreferrer\">EXPEDIENT: ICA022\/21\/000104<\/a><\/span><\/div>\n<p>[\/vc_column_text][vc_column_text]<\/p>\n<h4 class=\"titulofichas\">ENLLA\u00c7OS D&#8217;INTER\u00c8S<\/h4>\n<p>[\/vc_column_text][vc_column_text]<a style=\"color: #444;\" href=\"https:\/\/grupoindustrialcl.com\" target=\"_blank\" rel=\"noopener noreferrer\"><span class=\"titulodescargas\">GRUPO INDUSTRIAL CL<\/span><\/a>[\/vc_column_text][vc_column_text]<a href=\"http:\/\/www.aspapel.es\" target=\"_blank\" rel=\"noopener noreferrer\"><span class=\"titulodescargas\" style=\"color: #444;\">ASPAPEL<\/span><\/a>[\/vc_column_text][vc_column_text]<a href=\"https:\/\/www.afco.es\" target=\"_blank\" rel=\"noopener noreferrer\"><span class=\"titulodescargas\" style=\"color: #444;\">AFCO<\/span><\/a>[\/vc_column_text][vc_column_text]<a href=\"https:\/\/www.fefco.org\" target=\"_blank\" rel=\"noopener noreferrer\"><span class=\"titulodescargas\" style=\"color: #444;\">FEFCO<\/span><\/a>[\/vc_column_text][vc_column_text]<a style=\"color: #444;\" href=\"https:\/\/www.cepi-containerboard.org\" target=\"_blank\" rel=\"noopener noreferrer\"><span class=\"titulodescargas\">CEPI<\/span><\/a>[\/vc_column_text][\/vc_column_inner][\/vc_row_inner][\/vc_column][\/vc_row]<\/p>\n<\/section>","protected":false},"excerpt":{"rendered":"<p>[vc_row css_animation=&#8221;&#8221; row_type=&#8221;row&#8221; use_row_as_full_screen_section=&#8221;no&#8221; type=&#8221;grid&#8221; angled_section=&#8221;no&#8221; text_align=&#8221;left&#8221; background_image_as_pattern=&#8221;without_pattern&#8221; el_class=&#8221;paddingcabecera&#8221; z_index=&#8221;&#8221; css=&#8221;.vc_custom_1592302116044{background-image: url(http:\/\/www.matiasgomatomas.com\/wp-content\/uploads\/2020\/06\/matias-goma-tomas-about.jpg?id=166) !important;}&#8221;][vc_column css_animation=&#8221;fadeIn&#8221;][vc_column_text] POL\u00cdTICA DE PRIVACITAT [\/vc_column_text][vc_single_image image=&#8221;119&#8243; img_size=&#8221;full&#8221; qode_css_animation=&#8221;&#8221; el_class=&#8221;trivalpapel&#8221;][\/vc_column][\/vc_row][vc_row css_animation=&#8221;&#8221; row_type=&#8221;row&#8221; use_row_as_full_screen_section=&#8221;no&#8221; type=&#8221;grid&#8221; angled_section=&#8221;no&#8221; text_align=&#8221;left&#8221; background_image_as_pattern=&#8221;without_pattern&#8221; el_class=&#8221;paddingsecciones&#8221; z_index=&#8221;&#8221;][vc_column][vc_column_text]A Mat\u00edas Gom\u00e1 Tom\u00e1s S.A. ens comprometem a assegurar que la teva informaci\u00f3 personal es&#8230;<\/p>\n","protected":false},"author":1,"featured_media":0,"parent":0,"menu_order":0,"comment_status":"closed","ping_status":"closed","template":"full_width.php","meta":{"footnotes":""},"class_list":["post-336","page","type-page","status-publish","hentry"],"_links":{"self":[{"href":"https:\/\/www.matiasgomatomas.com\/ca\/wp-json\/wp\/v2\/pages\/336","targetHints":{"allow":["GET"]}}],"collection":[{"href":"https:\/\/www.matiasgomatomas.com\/ca\/wp-json\/wp\/v2\/pages"}],"about":[{"href":"https:\/\/www.matiasgomatomas.com\/ca\/wp-json\/wp\/v2\/types\/page"}],"author":[{"embeddable":true,"href":"https:\/\/www.matiasgomatomas.com\/ca\/wp-json\/wp\/v2\/users\/1"}],"replies":[{"embeddable":true,"href":"https:\/\/www.matiasgomatomas.com\/ca\/wp-json\/wp\/v2\/comments?post=336"}],"version-history":[{"count":34,"href":"https:\/\/www.matiasgomatomas.com\/ca\/wp-json\/wp\/v2\/pages\/336\/revisions"}],"predecessor-version":[{"id":2489,"href":"https:\/\/www.matiasgomatomas.com\/ca\/wp-json\/wp\/v2\/pages\/336\/revisions\/2489"}],"wp:attachment":[{"href":"https:\/\/www.matiasgomatomas.com\/ca\/wp-json\/wp\/v2\/media?parent=336"}],"curies":[{"name":"wp","href":"https:\/\/api.w.org\/{rel}","templated":true}]}}